{"id":538,"date":"2016-04-10T13:44:41","date_gmt":"2016-04-10T11:44:41","guid":{"rendered":"http:\/\/boeswirths-bauernmarkt.de\/home\/?page_id=538"},"modified":"2025-05-27T11:09:39","modified_gmt":"2025-05-27T09:09:39","slug":"partnerbetriebe","status":"publish","type":"page","link":"https:\/\/boeswirths-bauernmarkt.de\/home\/partnerbetriebe\/","title":{"rendered":"partnerbetriebe"},"content":{"rendered":"\n<figure class=\"wp-block-table is-style-regular has-small-font-size\"><table class=\"has-fixed-layout\"><tbody><tr><td class=\"has-text-align-center\" data-align=\"center\"><img decoding=\"async\" src=\"https:\/\/boeswirths-bauernmarkt.de\/wp-content\/uploads\/2025\/05\/WhatsApp-Bild-2025-05-27-Wallners.jpg\" alt=\"\"><\/td><td class=\"has-text-align-center\" data-align=\"center\"><img loading=\"lazy\" decoding=\"async\" class=\" wp-image-532 aligncenter\" src=\"http:\/\/boeswirths-bauernmarkt.de\/wp-content\/uploads\/2016\/04\/Lamplhof-300x124.jpg\" alt=\"\" width=\"360\" height=\"149\" srcset=\"https:\/\/boeswirths-bauernmarkt.de\/wp-content\/uploads\/2016\/04\/Lamplhof-300x124.jpg 300w, https:\/\/boeswirths-bauernmarkt.de\/wp-content\/uploads\/2016\/04\/Lamplhof.jpg 411w\" sizes=\"auto, (max-width: 360px) 100vw, 360px\" \/><\/td><td class=\"has-text-align-center\" data-align=\"center\"><img loading=\"lazy\" decoding=\"async\" class=\"size-medium wp-image-600 aligncenter\" src=\"http:\/\/boeswirths-bauernmarkt.de\/wp-content\/uploads\/2016\/04\/Bentenrieder-300x150.jpg\" alt=\"\" width=\"300\" height=\"150\" srcset=\"https:\/\/boeswirths-bauernmarkt.de\/wp-content\/uploads\/2016\/04\/Bentenrieder-300x150.jpg 300w, https:\/\/boeswirths-bauernmarkt.de\/wp-content\/uploads\/2016\/04\/Bentenrieder.jpg 313w\" sizes=\"auto, (max-width: 300px) 100vw, 300px\" \/><\/td><\/tr><tr><td class=\"has-text-align-center\" data-align=\"center\">In Goppertshofen werden die Bioputen mit viel Liebe von Babsi und Simon Wallner aufgezogen.<\/td><td class=\"has-text-align-center\" data-align=\"center\">Die Familie Lampl stellt handwerklich beste Fleisch- und Wurstwaren her. Die Rinder werden als Ochsen auf dem Betrieb&nbsp;gem\u00e4stet und geschlachtet.<\/td><td class=\"has-text-align-center\" data-align=\"center\">Der Bauernhof liegt in Prittlbach im Dachauer Land, dort leben die H\u00fchner in&nbsp;Boden- und Freilandhaltung.<\/td><\/tr><\/tbody><\/table><\/figure>\n\n\n\n<figure class=\"wp-block-table\"><table class=\"has-fixed-layout\"><tbody><tr><td class=\"has-text-align-center\" data-align=\"center\"><img loading=\"lazy\" decoding=\"async\" width=\"230\" height=\"111\" class=\"wp-image-603\" style=\"width: 230px;\" src=\"http:\/\/boeswirths-bauernmarkt.de\/wp-content\/uploads\/2016\/04\/Drax-M\u00fchle.jpg\" alt=\"\"><\/td><td class=\"has-text-align-center\" data-align=\"center\"><img loading=\"lazy\" decoding=\"async\" width=\"220\" height=\"124\" class=\"wp-image-543\" style=\"width: 220px;\" src=\"http:\/\/boeswirths-bauernmarkt.de\/wp-content\/uploads\/2016\/04\/Kaffee.jpg\" alt=\"\"><\/td><td class=\"has-text-align-center\" data-align=\"center\"><img loading=\"lazy\" decoding=\"async\" width=\"200\" height=\"119\" class=\"wp-image-604\" style=\"width: 200px;\" src=\"http:\/\/boeswirths-bauernmarkt.de\/wp-content\/uploads\/2016\/04\/G\u00fcrtner_Biob\u00e4ckerei.jpg\" alt=\"\"><\/td><\/tr><tr><td class=\"has-text-align-center\" data-align=\"center\">Die M\u00fcllerin der Drax-M\u00fchle wei\u00df, dass die Natur alles f\u00fcr uns Menschen bereith\u00e4lt, was uns gut tut und uns gesund erh\u00e4lt. Obwohl das Korn so klein in seiner Erscheinung ist, vermag es zu n\u00e4hren und zu s\u00e4ttigen.<\/td><td class=\"has-text-align-center\" data-align=\"center\">Die R\u00f6stmeisterin bezieht den Rohkaffee von der Plantage ihres Vaters in Guatemala. Dort werden die Kaffeekirschen immer noch handverlesen, mit kristallklarem Quellwasser gewaschen und durch die Strahlen der Sonne getrocknet.<\/td><td class=\"has-text-align-center\" data-align=\"center\">\u00d6kologische Konsequenz, Transparenz vom Saatgut bis zur Ladentheke und nat\u00fcrlich die \u00fcber 100-j\u00e4hrige Erfahrung des Backbetriebs sind unverzichtbar und bestimmen t\u00e4glich unsere Unternehmenskultur und unser Sortiment.<\/td><\/tr><\/tbody><\/table><\/figure>\n\n\n\n<figure class=\"wp-block-table\"><table class=\"has-fixed-layout\"><tbody><tr><td class=\"has-text-align-center\" data-align=\"center\"><img loading=\"lazy\" decoding=\"async\" width=\"180\" height=\"176\" class=\"wp-image-606\" style=\"width: 180px;\" src=\"http:\/\/boeswirths-bauernmarkt.de\/wp-content\/uploads\/2016\/04\/EM.jpg\" alt=\"\" srcset=\"https:\/\/boeswirths-bauernmarkt.de\/wp-content\/uploads\/2016\/04\/EM.jpg 127w, https:\/\/boeswirths-bauernmarkt.de\/wp-content\/uploads\/2016\/04\/EM-36x36.jpg 36w\" sizes=\"auto, (max-width: 180px) 100vw, 180px\" \/><\/td><td class=\"has-text-align-center\" data-align=\"center\"><img loading=\"lazy\" decoding=\"async\" width=\"230\" height=\"140\" class=\"wp-image-607\" style=\"width: 230px;\" src=\"http:\/\/boeswirths-bauernmarkt.de\/wp-content\/uploads\/2016\/04\/Schnell_K\u00fcrbis.jpg\" alt=\"\"><\/td><td class=\"has-text-align-center\" data-align=\"center\"><img loading=\"lazy\" decoding=\"async\" width=\"230\" height=\"157\" class=\"wp-image-1296\" style=\"width: 230px;\" src=\"http:\/\/boeswirths-bauernmarkt.de\/wp-content\/uploads\/2021\/11\/marmeladenkueche.jpg\" alt=\"\" srcset=\"https:\/\/boeswirths-bauernmarkt.de\/wp-content\/uploads\/2021\/11\/marmeladenkueche.jpg 1121w, https:\/\/boeswirths-bauernmarkt.de\/wp-content\/uploads\/2021\/11\/marmeladenkueche-300x205.jpg 300w, https:\/\/boeswirths-bauernmarkt.de\/wp-content\/uploads\/2021\/11\/marmeladenkueche-1030x705.jpg 1030w, https:\/\/boeswirths-bauernmarkt.de\/wp-content\/uploads\/2021\/11\/marmeladenkueche-768x525.jpg 768w, https:\/\/boeswirths-bauernmarkt.de\/wp-content\/uploads\/2021\/11\/marmeladenkueche-705x482.jpg 705w, https:\/\/boeswirths-bauernmarkt.de\/wp-content\/uploads\/2021\/11\/marmeladenkueche-450x308.jpg 450w\" sizes=\"auto, (max-width: 230px) 100vw, 230px\" \/><\/td><\/tr><tr><td class=\"has-text-align-center\" data-align=\"center\">EM bieten eine nat\u00fcrliche Alternative zu chemischen Mitteln in Haushalt und Garten. Sie sind einfach und vielseitig in der Anwendung, \u00fcberzeugend in der Wirkung und die ideale Hilfe f\u00fcr unsere Umwelt.<\/td><td class=\"has-text-align-center\" data-align=\"center\">In einem kleinen Dorf am Fu\u00dfe des Heidenbergs, mitten in Franken wachsen die \u00d6lk\u00fcrbisse in H\u00fclle und F\u00fclle und noch viel mehr K\u00fcrbiskerne, aus denen hochwertiges K\u00fcrbiskern\u00f6l und K\u00fcrbiskerne von schokoliert bis salzig hergestellt wird.<\/td><td class=\"has-text-align-center\" data-align=\"center\">Wir verarbeiten stets beste Fr\u00fcchte aus Garten und Wald und kombinieren mit besten Zutaten. Raffinierte Rezepte &#8211; zum Teil aus alten \u00dcberlieferungen &#8211;&nbsp; sind immer wieder Garant f\u00fcr neue Geschmackserlebnisse.<\/td><\/tr><\/tbody><\/table><\/figure>\n\n\n\n<figure class=\"wp-block-table\"><table class=\"has-fixed-layout\"><tbody><tr><td class=\"has-text-align-center\" data-align=\"center\"><img loading=\"lazy\" decoding=\"async\" width=\"220\" height=\"150\" class=\"wp-image-1327\" style=\"width: 220px;\" src=\"http:\/\/boeswirths-bauernmarkt.de\/wp-content\/uploads\/2021\/11\/Kaese2.jpg\" alt=\"\" srcset=\"https:\/\/boeswirths-bauernmarkt.de\/wp-content\/uploads\/2021\/11\/Kaese2.jpg 946w, https:\/\/boeswirths-bauernmarkt.de\/wp-content\/uploads\/2021\/11\/Kaese2-300x205.jpg 300w, https:\/\/boeswirths-bauernmarkt.de\/wp-content\/uploads\/2021\/11\/Kaese2-768x525.jpg 768w, https:\/\/boeswirths-bauernmarkt.de\/wp-content\/uploads\/2021\/11\/Kaese2-705x482.jpg 705w, https:\/\/boeswirths-bauernmarkt.de\/wp-content\/uploads\/2021\/11\/Kaese2-450x308.jpg 450w\" sizes=\"auto, (max-width: 220px) 100vw, 220px\" \/><\/td><td class=\"has-text-align-center\" data-align=\"center\"><img loading=\"lazy\" decoding=\"async\" width=\"250\" height=\"129\" class=\"wp-image-1336\" style=\"width: 250px;\" src=\"http:\/\/boeswirths-bauernmarkt.de\/wp-content\/uploads\/2021\/11\/pest2-1.jpg\" alt=\"\" srcset=\"https:\/\/boeswirths-bauernmarkt.de\/wp-content\/uploads\/2021\/11\/pest2-1.jpg 612w, https:\/\/boeswirths-bauernmarkt.de\/wp-content\/uploads\/2021\/11\/pest2-1-300x155.jpg 300w, https:\/\/boeswirths-bauernmarkt.de\/wp-content\/uploads\/2021\/11\/pest2-1-450x233.jpg 450w\" sizes=\"auto, (max-width: 250px) 100vw, 250px\" \/><\/td><td class=\"has-text-align-center\" data-align=\"center\"><img loading=\"lazy\" decoding=\"async\" width=\"240\" height=\"126\" class=\"wp-image-1297\" style=\"width: 240px;\" src=\"http:\/\/boeswirths-bauernmarkt.de\/wp-content\/uploads\/2021\/11\/logo-forellen.jpg\" alt=\"\" srcset=\"https:\/\/boeswirths-bauernmarkt.de\/wp-content\/uploads\/2021\/11\/logo-forellen.jpg 967w, https:\/\/boeswirths-bauernmarkt.de\/wp-content\/uploads\/2021\/11\/logo-forellen-300x158.jpg 300w, https:\/\/boeswirths-bauernmarkt.de\/wp-content\/uploads\/2021\/11\/logo-forellen-768x403.jpg 768w, https:\/\/boeswirths-bauernmarkt.de\/wp-content\/uploads\/2021\/11\/logo-forellen-710x375.jpg 710w, https:\/\/boeswirths-bauernmarkt.de\/wp-content\/uploads\/2021\/11\/logo-forellen-705x370.jpg 705w, https:\/\/boeswirths-bauernmarkt.de\/wp-content\/uploads\/2021\/11\/logo-forellen-450x236.jpg 450w\" sizes=\"auto, (max-width: 240px) 100vw, 240px\" \/><\/td><\/tr><tr><td class=\"has-text-align-center\" data-align=\"center\">Nicht nur beim Bier gibt es ein Reinheitsgebot- auch bei unserem K\u00e4se! Wir verwenden in unserer Naturk\u00e4serei nur tagesfrische Heumilch, Natur-Lab, Kulturen, Meersalz, einige Kr\u00e4uter und Gew\u00fcrze. Selbstverst\u00e4ndlich ist alles gentechnisch unver\u00e4ndert!<\/td><td class=\"has-text-align-center\" data-align=\"center\">Die Elisenlebkuchen vom B\u00e4cker- und Konditormeister Hans Pest sind mehrfach pr\u00e4miert. Durch eine harmonische Kombination edler Zutaten ist der Lebkuchen besonders saftig und begeistert mit dem unverwechselbar feinen Geschmack.<\/td><td class=\"has-text-align-center\" data-align=\"center\">Bereits in der f\u00fcnften Generation gef\u00fchrter Familienbetrieb. Wir verarbeiten f\u00fcr Sie frische sowie ger\u00e4ucherte Forellen und Saibling.<\/td><\/tr><\/tbody><\/table><\/figure>\n\n\n\n<figure class=\"wp-block-table\"><table class=\"has-fixed-layout\"><tbody><tr><td class=\"has-text-align-center\" data-align=\"center\"><img loading=\"lazy\" decoding=\"async\" width=\"220\" height=\"152\" class=\"wp-image-1320\" style=\"width: 220px;\" src=\"http:\/\/boeswirths-bauernmarkt.de\/wp-content\/uploads\/2021\/11\/logo-seiferl-vergroessert.png\" alt=\"\" srcset=\"https:\/\/boeswirths-bauernmarkt.de\/wp-content\/uploads\/2021\/11\/logo-seiferl-vergroessert.png 910w, https:\/\/boeswirths-bauernmarkt.de\/wp-content\/uploads\/2021\/11\/logo-seiferl-vergroessert-300x207.png 300w, https:\/\/boeswirths-bauernmarkt.de\/wp-content\/uploads\/2021\/11\/logo-seiferl-vergroessert-768x530.png 768w, https:\/\/boeswirths-bauernmarkt.de\/wp-content\/uploads\/2021\/11\/logo-seiferl-vergroessert-705x487.png 705w, https:\/\/boeswirths-bauernmarkt.de\/wp-content\/uploads\/2021\/11\/logo-seiferl-vergroessert-450x311.png 450w\" sizes=\"auto, (max-width: 220px) 100vw, 220px\" \/><\/td><td class=\"has-text-align-center\" data-align=\"center\"><img loading=\"lazy\" decoding=\"async\" width=\"220\" height=\"162\" class=\"wp-image-1323\" style=\"width: 220px;\" src=\"http:\/\/boeswirths-bauernmarkt.de\/wp-content\/uploads\/2021\/11\/image001.jpg\" alt=\"\"><\/td><td class=\"has-text-align-center\" data-align=\"center\"><img loading=\"lazy\" decoding=\"async\" width=\"190\" height=\"172\" class=\"wp-image-1317\" style=\"width: 190px;\" src=\"http:\/\/boeswirths-bauernmarkt.de\/wp-content\/uploads\/2021\/11\/Amperbraeu_Logo.jpg\" alt=\"\" srcset=\"https:\/\/boeswirths-bauernmarkt.de\/wp-content\/uploads\/2021\/11\/Amperbraeu_Logo.jpg 1967w, https:\/\/boeswirths-bauernmarkt.de\/wp-content\/uploads\/2021\/11\/Amperbraeu_Logo-300x272.jpg 300w, https:\/\/boeswirths-bauernmarkt.de\/wp-content\/uploads\/2021\/11\/Amperbraeu_Logo-1030x933.jpg 1030w, https:\/\/boeswirths-bauernmarkt.de\/wp-content\/uploads\/2021\/11\/Amperbraeu_Logo-768x695.jpg 768w, https:\/\/boeswirths-bauernmarkt.de\/wp-content\/uploads\/2021\/11\/Amperbraeu_Logo-1536x1391.jpg 1536w, https:\/\/boeswirths-bauernmarkt.de\/wp-content\/uploads\/2021\/11\/Amperbraeu_Logo-1500x1358.jpg 1500w, https:\/\/boeswirths-bauernmarkt.de\/wp-content\/uploads\/2021\/11\/Amperbraeu_Logo-705x638.jpg 705w, https:\/\/boeswirths-bauernmarkt.de\/wp-content\/uploads\/2021\/11\/Amperbraeu_Logo-450x407.jpg 450w\" sizes=\"auto, (max-width: 190px) 100vw, 190px\" \/><\/td><\/tr><tr><td class=\"has-text-align-center\" data-align=\"center\">Handgemachte Naturseifen aus pflanzlichen \u00d6len &amp; Fetten in Bioqualit\u00e4t. Farben nur aus der Natur, reine \u00e4therische D\u00fcfte, lokal produziert.<\/td><td class=\"has-text-align-center\" data-align=\"center\">Regionale Produkte von unserem Hof. Wir f\u00fcttern ohne Gentechnik!<\/td><td class=\"has-text-align-center\" data-align=\"center\">Wir brauen handwerklich Bier f\u00fcr die Heimat!<\/td><\/tr><\/tbody><\/table><\/figure>\n\n\n\n<figure class=\"wp-block-table\"><table class=\"has-fixed-layout\"><tbody><tr><td class=\"has-text-align-center\" data-align=\"center\"><img loading=\"lazy\" decoding=\"async\" width=\"220\" height=\"125\" class=\"wp-image-1346\" style=\"width: 220px;\" src=\"http:\/\/boeswirths-bauernmarkt.de\/wp-content\/uploads\/2021\/11\/essendorfer.jpg\" alt=\"\"><\/td><td><\/td><td><\/td><\/tr><tr><td class=\"has-text-align-center\" data-align=\"center\">Auf Reisen durch die ganze Welt, hat Andreas Essendorfer nicht nur jeden Berg bestiegen, sondern hat auch in jeden Kochtopf geschaut. Dieses alte Wissen wird bei uns harmonisch mit den besten Zutaten, handwerklichem Geschick und kulinarischer Coolness verbunden. Dadurch entsteht Geschmack mit Geschichte, der ein L\u00e4cheln aufs Gesicht zaubert.<\/td><td><\/td><td><\/td><\/tr><\/tbody><\/table><\/figure>\n","protected":false},"excerpt":{"rendered":"<p>In Goppertshofen werden die Bioputen mit viel Liebe von Babsi und Simon Wallner aufgezogen. Die Familie Lampl stellt handwerklich beste Fleisch- und Wurstwaren her. Die Rinder werden als Ochsen auf dem Betrieb&nbsp;gem\u00e4stet und geschlachtet. Der Bauernhof liegt in Prittlbach im Dachauer Land, dort leben die H\u00fchner in&nbsp;Boden- und Freilandhaltung. Die M\u00fcllerin der Drax-M\u00fchle wei\u00df, dass&hellip;&nbsp;<a href=\"https:\/\/boeswirths-bauernmarkt.de\/home\/partnerbetriebe\/\" class=\"\" rel=\"bookmark\">Weiterlesen &raquo;<span class=\"screen-reader-text\">partnerbetriebe<\/span><\/a><\/p>\n","protected":false},"author":2,"featured_media":0,"parent":0,"menu_order":0,"comment_status":"closed","ping_status":"closed","template":"","meta":{"neve_meta_sidebar":"","neve_meta_container":"","neve_meta_enable_content_width":"","neve_meta_content_width":0,"neve_meta_title_alignment":"","neve_meta_author_avatar":"","neve_post_elements_order":"","neve_meta_disable_header":"","neve_meta_disable_footer":"","neve_meta_disable_title":"","footnotes":""},"class_list":["post-538","page","type-page","status-publish","hentry"],"_links":{"self":[{"href":"https:\/\/boeswirths-bauernmarkt.de\/home\/wp-json\/wp\/v2\/pages\/538","targetHints":{"allow":["GET"]}}],"collection":[{"href":"https:\/\/boeswirths-bauernmarkt.de\/home\/wp-json\/wp\/v2\/pages"}],"about":[{"href":"https:\/\/boeswirths-bauernmarkt.de\/home\/wp-json\/wp\/v2\/types\/page"}],"author":[{"embeddable":true,"href":"https:\/\/boeswirths-bauernmarkt.de\/home\/wp-json\/wp\/v2\/users\/2"}],"replies":[{"embeddable":true,"href":"https:\/\/boeswirths-bauernmarkt.de\/home\/wp-json\/wp\/v2\/comments?post=538"}],"version-history":[{"count":9,"href":"https:\/\/boeswirths-bauernmarkt.de\/home\/wp-json\/wp\/v2\/pages\/538\/revisions"}],"predecessor-version":[{"id":1746,"href":"https:\/\/boeswirths-bauernmarkt.de\/home\/wp-json\/wp\/v2\/pages\/538\/revisions\/1746"}],"wp:attachment":[{"href":"https:\/\/boeswirths-bauernmarkt.de\/home\/wp-json\/wp\/v2\/media?parent=538"}],"curies":[{"name":"wp","href":"https:\/\/api.w.org\/{rel}","templated":true}]}}